{"id":13485,"date":"2019-01-30T07:51:04","date_gmt":"2019-01-30T07:51:04","guid":{"rendered":"https:\/\/europairschweiz.ch\/air-distribution\/"},"modified":"2019-04-11T07:25:38","modified_gmt":"2019-04-11T07:25:38","slug":"air-distribution","status":"publish","type":"page","link":"https:\/\/europairschweiz.ch\/de\/air-distribution\/","title":{"rendered":"Luftdurchl\u00e4sse"},"content":{"rendered":"<p>[vc_row][vc_column][vc_column_text]<img loading=\"lazy\" decoding=\"async\" class=\"alignright wp-image-10111\" src=\"https:\/\/europairschweiz.ch\/wp-content\/uploads\/2015\/03\/611.jpg\" alt=\"\" width=\"450\" height=\"338\" srcset=\"https:\/\/europairschweiz.ch\/wp-content\/uploads\/2015\/03\/611.jpg 1280w, https:\/\/europairschweiz.ch\/wp-content\/uploads\/2015\/03\/611-300x225.jpg 300w, https:\/\/europairschweiz.ch\/wp-content\/uploads\/2015\/03\/611-768x576.jpg 768w, https:\/\/europairschweiz.ch\/wp-content\/uploads\/2015\/03\/611-1024x768.jpg 1024w\" sizes=\"auto, (max-width: 450px) 100vw, 450px\" \/><\/p>\n<p>Die Raumluftverteilung kann in zwei Kategorien unterschieden werden:<\/p>\n<p><strong>Vermischungs- und Verdr\u00e4ngungssysteme<br \/>\n<\/strong><br \/>\nBei Vermischungs-Systemen wird die Prim\u00e4rluft von der Decke, den W\u00e4nden oder vom Boden in die Raumluft (bzw. die Sekund\u00e4rluft) gemischt, indem die Luft mit mittlerer bis hoher Geschwindigkeit in den Raum bef\u00f6rdert wird.<\/p>\n<p>Bei Verdr\u00e4ngungs-Systemen wird die Prim\u00e4rluft bei niedriger Geschwindigkeit in den Raum (bzw. die Sekund\u00e4rluft) geleitet \u2013 in den meisten F\u00e4llen direkt in die gew\u00fcnschte Zone. In manchen speziellen Situationen, wie etwa aus hygienischen Gr\u00fcnden, wird die Luft bei niedriger Geschwindigkeit von der Raumdecke eingeleitet. Im kommerziellen oder industriellen Umfeld werden Vermischungs- und Verdr\u00e4ngungs-Systeme mitunter kombiniert, um den spezifischen Anforderungen von Bereichen gerecht zu werden, die einer isolierten K\u00fchlung und Zirkulation bed\u00fcrfen.<\/p>\n<p>Bei Vermischungs-Systemen wird die Luft in die Zone oder den Raum bei mittlerer oder hoher Geschwindigkeit eingef\u00fchrt, um das n\u00f6tige Mitnahme-Verh\u00e4ltnis zwischen prim\u00e4rer und sekund\u00e4rer Luft zu erreichen. Dieses Verh\u00e4ltnis erm\u00f6glicht, die Temperaturver\u00e4nderung von der Versorgung zur Raumluft innerhalb kurzer Zeit zu erreichen.<br \/>\nPrinzipiell werden hierbei Wirbel- und D\u00fcsen-Verteiler angewendet, da diese f\u00fcr ihre hohe Mitnahme bekannt sind. Simple Doppel-Umlenkungsgitter und lineare Verteiler hingegen erzielen nur ein relativ geringeres Mitnahme-Verh\u00e4ltnis.<\/p>\n<p>Ein Vorteil eines Diffusors mit hohem Mitnahme-Verh\u00e4ltnis ist, dass dieser f\u00fcr die Personen in der zu konditionierenden Zone h\u00f6heren Komfort bieten. Allerdings gilt, je h\u00f6her das Mischverh\u00e4ltnis zwischen Versorgung und Raumluft, umso h\u00f6her ist auch das Mischverh\u00e4ltnis zwischen verbrauchter und frischer Luft. W\u00e4hrend die Menschen sich in und aus dem B\u00fcro bewegen, tragen sie einen gewissen Anteil verschmutzte Luft in die besch\u00e4ftigte Zone \u2013 etwa durch die Kleidung und die Schuhe. Daher gibt es einen Kompromiss zwischen Komfortrate und Verschmutzungsrate, was das Mischverh\u00e4ltnis mit der frischen Luft anbelangt.<\/p>\n<p>Ein weiterer Nachteil von Vermischungs-Diffusoren entsteht, wenn diese, so wie f\u00fcr gew\u00f6hnlich, an W\u00e4nden oder Decken installiert werden. Denn hier ist die Distanz zum<\/p>\n<p>Boden sehr hoch, was das zu konditionierende Luftvolumen erh\u00f6ht. Und je h\u00f6her das<\/p>\n<p><span style=\"font-weight: 400;\">Volumen der klimatisierten Luft ist, umso gr\u00f6sser muss auch die Dimension des Systems sein (Luftbehandlungs-Einheit, K\u00fchler, Schachtsystem und Luftverteilung. Berechnet wird anhand des insgesamt ben\u00f6tigten gek\u00fchlten Luftvolumens in m3\/h, wobei zu beachten ist: Wenn die zu konditionierende Zone nicht weiter als 1.8m vom Boden entfernt ist, und 0.5m von den umgebenden W\u00e4nden, dann ist das ben\u00f6tigte Volumen der klimatisierten Luft nur ein prozentualer Anteil des gesamten Raumvolumens. Je nachdem wo das System also installiert wird, wird sich dies auf die Energie- und Installationskosten des gesamten Geb\u00e4udes auswirken. Ebenfalls sollte in Betracht gezogen werden, wo genau die Vermischungs-Luftsysteme die prim\u00e4re Luft in die besch\u00e4ftigte Zone einf\u00fchren. Denn hier ist ebenso abh\u00e4ngig, wie hoch der Ger\u00e4uschpegel sein wird wie auch die h\u00f6he des Druckverlustes des Systems.<\/p>\n<p>In einem Verdr\u00e4ngungs-System wird die Luft mit niedriger bis sehr niedriger Geschwindigkeit bei sehr niedrigem Temperaturunterschied zwischen Versorgung und Raumluft direkt in die besch\u00e4ftigte Zone eingef\u00fchrt. Typischerweise werden Verdr\u00e4ngungs-Verteiler so konstruiert, dass sie verschiedene Formungen an der Vorderseite haben, welche daf\u00fcr sorgen, dass im Diffusor ein \u00dcberdruck entsteht. Dies wird durch eine Reduktion des freien Raumes erzielt, sowie indem eine gewisse lineare vorderseitige Geschwindigkeit erzeugt wird.<br \/>\nEine solche Konstruktion f\u00fcr lineare Geschwindigkeit wird in einem niedrigen Vermischungs-Verh\u00e4ltnis zwischen Versorgungsluft und Raumluft resultieren. Die Vorteile solcher Systeme sind, dass die bef\u00f6rderte Zone direkt klimatisiert wird und dass die Luft direkt danach extrahiert wird, dass das Einlassgitter in der Decke oder in ihrer N\u00e4he platziert wird. Ein solches System wird das zu klimatisierende Luftvolumen in der besch\u00e4ftigten Zone insgesamt reduzieren, was die Installations- und Energie-Kosten des Systems verringert.<\/p>\n<p>Ebenso wie die prim\u00e4re Luft bei sehr geringen Geschwindigkeiten eingef\u00fchrt wird, werden auch die Ger\u00e4uschpegel niedrig bleiben. Die Nachteile eines solchen Systems sind wiederum die Komplexit\u00e4t sowohl der Lugt-Zirkulation, als auch der Installation. Ideal sind derartige Verteilungs-Systeme f\u00fcr grosse Hallen wie beispielsweise Shopping-Center, Flugh\u00e4fen, Fabriken oder Industriehallen.<br \/>\n<\/span>[\/vc_column_text][\/vc_column][\/vc_row]<\/p>\n","protected":false},"excerpt":{"rendered":"<p>[vc_row][vc_column][vc_column_text] Die Raumluftverteilung kann in zwei Kategorien unterschieden werden: Vermischungs- und Verdr\u00e4ngungssysteme Bei Vermischungs-Systemen wird die Prim\u00e4rluft von der Decke,&#8230;<\/p>\n","protected":false},"author":2,"featured_media":0,"parent":0,"menu_order":0,"comment_status":"closed","ping_status":"closed","template":"","meta":{"_exactmetrics_skip_tracking":false,"_exactmetrics_sitenote_active":false,"_exactmetrics_sitenote_note":"","_exactmetrics_sitenote_category":0,"footnotes":""},"class_list":["post-13485","page","type-page","status-publish","hentry"],"yoast_head":"<!-- This site is optimized with the Yoast SEO plugin v27.4 - https:\/\/yoast.com\/product\/yoast-seo-wordpress\/ -->\n<title>Luftdurchl\u00e4sse - Europair Schweiz AG - Multisite<\/title>\n<meta name=\"robots\" content=\"index, follow, max-snippet:-1, max-image-preview:large, max-video-preview:-1\" \/>\n<link rel=\"canonical\" href=\"https:\/\/europairschweiz.ch\/de\/air-distribution\/\" \/>\n<meta property=\"og:locale\" content=\"de_DE\" \/>\n<meta property=\"og:type\" content=\"article\" \/>\n<meta property=\"og:title\" content=\"Luftdurchl\u00e4sse - Europair Schweiz AG - Multisite\" \/>\n<meta property=\"og:description\" content=\"[vc_row][vc_column][vc_column_text] Die Raumluftverteilung kann in zwei Kategorien unterschieden werden: Vermischungs- und Verdr\u00e4ngungssysteme Bei Vermischungs-Systemen wird die Prim\u00e4rluft von der Decke,...\" \/>\n<meta property=\"og:url\" content=\"https:\/\/europairschweiz.ch\/de\/air-distribution\/\" \/>\n<meta property=\"og:site_name\" content=\"Europair Schweiz AG - Multisite\" \/>\n<meta property=\"article:modified_time\" content=\"2019-04-11T07:25:38+00:00\" \/>\n<meta property=\"og:image\" content=\"https:\/\/europairschweiz.ch\/wp-content\/uploads\/2015\/03\/611.jpg\" \/>\n<meta name=\"twitter:card\" content=\"summary_large_image\" \/>\n<meta name=\"twitter:label1\" content=\"Gesch\u00e4tzte Lesezeit\" \/>\n\t<meta name=\"twitter:data1\" content=\"4\u00a0Minuten\" \/>\n<script type=\"application\/ld+json\" class=\"yoast-schema-graph\">{\"@context\":\"https:\\\/\\\/schema.org\",\"@graph\":[{\"@type\":\"WebPage\",\"@id\":\"https:\\\/\\\/europairschweiz.ch\\\/de\\\/air-distribution\\\/\",\"url\":\"https:\\\/\\\/europairschweiz.ch\\\/de\\\/air-distribution\\\/\",\"name\":\"Luftdurchl\u00e4sse - Europair Schweiz AG - Multisite\",\"isPartOf\":{\"@id\":\"https:\\\/\\\/europairschweiz.ch\\\/de\\\/#website\"},\"primaryImageOfPage\":{\"@id\":\"https:\\\/\\\/europairschweiz.ch\\\/de\\\/air-distribution\\\/#primaryimage\"},\"image\":{\"@id\":\"https:\\\/\\\/europairschweiz.ch\\\/de\\\/air-distribution\\\/#primaryimage\"},\"thumbnailUrl\":\"https:\\\/\\\/europairschweiz.ch\\\/wp-content\\\/uploads\\\/2015\\\/03\\\/611.jpg\",\"datePublished\":\"2019-01-30T07:51:04+00:00\",\"dateModified\":\"2019-04-11T07:25:38+00:00\",\"breadcrumb\":{\"@id\":\"https:\\\/\\\/europairschweiz.ch\\\/de\\\/air-distribution\\\/#breadcrumb\"},\"inLanguage\":\"de\",\"potentialAction\":[{\"@type\":\"ReadAction\",\"target\":[\"https:\\\/\\\/europairschweiz.ch\\\/de\\\/air-distribution\\\/\"]}]},{\"@type\":\"ImageObject\",\"inLanguage\":\"de\",\"@id\":\"https:\\\/\\\/europairschweiz.ch\\\/de\\\/air-distribution\\\/#primaryimage\",\"url\":\"https:\\\/\\\/europairschweiz.ch\\\/wp-content\\\/uploads\\\/2015\\\/03\\\/611.jpg\",\"contentUrl\":\"https:\\\/\\\/europairschweiz.ch\\\/wp-content\\\/uploads\\\/2015\\\/03\\\/611.jpg\"},{\"@type\":\"BreadcrumbList\",\"@id\":\"https:\\\/\\\/europairschweiz.ch\\\/de\\\/air-distribution\\\/#breadcrumb\",\"itemListElement\":[{\"@type\":\"ListItem\",\"position\":1,\"name\":\"Startseite\",\"item\":\"https:\\\/\\\/europairschweiz.ch\\\/de\\\/\"},{\"@type\":\"ListItem\",\"position\":2,\"name\":\"Luftdurchl\u00e4sse\"}]},{\"@type\":\"WebSite\",\"@id\":\"https:\\\/\\\/europairschweiz.ch\\\/de\\\/#website\",\"url\":\"https:\\\/\\\/europairschweiz.ch\\\/de\\\/\",\"name\":\"Europair Schweiz AG - Multisite\",\"description\":\"\",\"potentialAction\":[{\"@type\":\"SearchAction\",\"target\":{\"@type\":\"EntryPoint\",\"urlTemplate\":\"https:\\\/\\\/europairschweiz.ch\\\/de\\\/?s={search_term_string}\"},\"query-input\":{\"@type\":\"PropertyValueSpecification\",\"valueRequired\":true,\"valueName\":\"search_term_string\"}}],\"inLanguage\":\"de\"}]}<\/script>\n<!-- \/ Yoast SEO plugin. -->","yoast_head_json":{"title":"Luftdurchl\u00e4sse - Europair Schweiz AG - Multisite","robots":{"index":"index","follow":"follow","max-snippet":"max-snippet:-1","max-image-preview":"max-image-preview:large","max-video-preview":"max-video-preview:-1"},"canonical":"https:\/\/europairschweiz.ch\/de\/air-distribution\/","og_locale":"de_DE","og_type":"article","og_title":"Luftdurchl\u00e4sse - Europair Schweiz AG - Multisite","og_description":"[vc_row][vc_column][vc_column_text] Die Raumluftverteilung kann in zwei Kategorien unterschieden werden: Vermischungs- und Verdr\u00e4ngungssysteme Bei Vermischungs-Systemen wird die Prim\u00e4rluft von der Decke,...","og_url":"https:\/\/europairschweiz.ch\/de\/air-distribution\/","og_site_name":"Europair Schweiz AG - Multisite","article_modified_time":"2019-04-11T07:25:38+00:00","og_image":[{"url":"https:\/\/europairschweiz.ch\/wp-content\/uploads\/2015\/03\/611.jpg","type":"","width":"","height":""}],"twitter_card":"summary_large_image","twitter_misc":{"Gesch\u00e4tzte Lesezeit":"4\u00a0Minuten"},"schema":{"@context":"https:\/\/schema.org","@graph":[{"@type":"WebPage","@id":"https:\/\/europairschweiz.ch\/de\/air-distribution\/","url":"https:\/\/europairschweiz.ch\/de\/air-distribution\/","name":"Luftdurchl\u00e4sse - Europair Schweiz AG - Multisite","isPartOf":{"@id":"https:\/\/europairschweiz.ch\/de\/#website"},"primaryImageOfPage":{"@id":"https:\/\/europairschweiz.ch\/de\/air-distribution\/#primaryimage"},"image":{"@id":"https:\/\/europairschweiz.ch\/de\/air-distribution\/#primaryimage"},"thumbnailUrl":"https:\/\/europairschweiz.ch\/wp-content\/uploads\/2015\/03\/611.jpg","datePublished":"2019-01-30T07:51:04+00:00","dateModified":"2019-04-11T07:25:38+00:00","breadcrumb":{"@id":"https:\/\/europairschweiz.ch\/de\/air-distribution\/#breadcrumb"},"inLanguage":"de","potentialAction":[{"@type":"ReadAction","target":["https:\/\/europairschweiz.ch\/de\/air-distribution\/"]}]},{"@type":"ImageObject","inLanguage":"de","@id":"https:\/\/europairschweiz.ch\/de\/air-distribution\/#primaryimage","url":"https:\/\/europairschweiz.ch\/wp-content\/uploads\/2015\/03\/611.jpg","contentUrl":"https:\/\/europairschweiz.ch\/wp-content\/uploads\/2015\/03\/611.jpg"},{"@type":"BreadcrumbList","@id":"https:\/\/europairschweiz.ch\/de\/air-distribution\/#breadcrumb","itemListElement":[{"@type":"ListItem","position":1,"name":"Startseite","item":"https:\/\/europairschweiz.ch\/de\/"},{"@type":"ListItem","position":2,"name":"Luftdurchl\u00e4sse"}]},{"@type":"WebSite","@id":"https:\/\/europairschweiz.ch\/de\/#website","url":"https:\/\/europairschweiz.ch\/de\/","name":"Europair Schweiz AG - Multisite","description":"","potentialAction":[{"@type":"SearchAction","target":{"@type":"EntryPoint","urlTemplate":"https:\/\/europairschweiz.ch\/de\/?s={search_term_string}"},"query-input":{"@type":"PropertyValueSpecification","valueRequired":true,"valueName":"search_term_string"}}],"inLanguage":"de"}]}},"_links":{"self":[{"href":"https:\/\/europairschweiz.ch\/de\/wp-json\/wp\/v2\/pages\/13485","targetHints":{"allow":["GET"]}}],"collection":[{"href":"https:\/\/europairschweiz.ch\/de\/wp-json\/wp\/v2\/pages"}],"about":[{"href":"https:\/\/europairschweiz.ch\/de\/wp-json\/wp\/v2\/types\/page"}],"author":[{"embeddable":true,"href":"https:\/\/europairschweiz.ch\/de\/wp-json\/wp\/v2\/users\/2"}],"replies":[{"embeddable":true,"href":"https:\/\/europairschweiz.ch\/de\/wp-json\/wp\/v2\/comments?post=13485"}],"version-history":[{"count":0,"href":"https:\/\/europairschweiz.ch\/de\/wp-json\/wp\/v2\/pages\/13485\/revisions"}],"wp:attachment":[{"href":"https:\/\/europairschweiz.ch\/de\/wp-json\/wp\/v2\/media?parent=13485"}],"curies":[{"name":"wp","href":"https:\/\/api.w.org\/{rel}","templated":true}]}}