{"id":13571,"date":"2018-10-25T12:54:43","date_gmt":"2018-10-25T12:54:43","guid":{"rendered":"https:\/\/europairschweiz.ch\/products\/"},"modified":"2020-06-16T09:35:17","modified_gmt":"2020-06-16T08:35:17","slug":"produits","status":"publish","type":"page","link":"https:\/\/europairschweiz.ch\/fr\/produits\/","title":{"rendered":"Produits"},"content":{"rendered":"<p>[vc_row][vc_column][vc_custom_heading text=\u00a0\u00bbResidental Ventilation\u00a0\u00bb use_theme_fonts=\u00a0\u00bbyes\u00a0\u00bb]<div data-page=\"1\" data-next-page=\"0\"><\/div>[\/vc_column][\/vc_row][vc_row][vc_column][vc_custom_heading text=\u00a0\u00bbAir Handling Units\u00a0\u00bb use_theme_fonts=\u00a0\u00bbyes\u00a0\u00bb]<div data-page=\"1\" data-next-page=\"0\"><\/div>[\/vc_column][\/vc_row][vc_row][vc_column][vc_custom_heading text=\u00a0\u00bbAir Terminal Units\u00a0\u00bb use_theme_fonts=\u00a0\u00bbyes\u00a0\u00bb]<div data-page=\"1\" data-next-page=\"0\"><\/div>[\/vc_column][\/vc_row][vc_row][vc_column][vc_custom_heading text=\u00a0\u00bbFire Dampers\u00a0\u00bb use_theme_fonts=\u00a0\u00bbyes\u00a0\u00bb]<div data-page=\"1\" data-next-page=\"0\"><\/div>[\/vc_column][\/vc_row][vc_row][vc_column][vc_custom_heading text=\u00a0\u00bbAir Curtains\u00a0\u00bb use_theme_fonts=\u00a0\u00bbyes\u00a0\u00bb]<div class=\"preloader\"><\/div> <div class=\"portfolio-preloader-wrapper\"> <div class=\"row\"> <div data-per-page=\"4\" data-portfolio-uid=\"a98eee3\" class=\"portfolio portfolio-items-masonry columns-4 no-padding col-lg-12 col-md-12 col-sm-12 hover-vertical-sliding\" data-hover=\"vertical-sliding\" data-next-page=\"2\"> <div class=\"\"> <div class=\"portfolio-set col-lg-12 col-md-12 col-sm-12 clearfix\"> <div class=\"portfolio-item air-curtains col-lg-3 col-md-3 col-sm-4 col-xs-6 post-15741 scalia_pf_item type-scalia_pf_item status-publish has-post-thumbnail hentry\" > <div class=\"wrap clearfix\"> <div class=\"image post-15741 scalia_pf_item type-scalia_pf_item status-publish has-post-thumbnail hentry\"> <div class=\"image-inner\"> <img loading=\"lazy\" decoding=\"async\" src=\"https:\/\/europairschweiz.ch\/wp-content\/uploads\/2019\/05\/Premium-Cassette-scalia-portfolio-masonry.jpg\" width=\"689\" height=\"364\" alt=\"Rideaux d&rsquo;Air\" \/> <\/div> <div class=\"overlay\"> <a href=\"https:\/\/europairschweiz.ch\/fr\/portfolios\/air-curtain-superior\/\" target=\"_self\" class=\"portolio-item-link self-link \"><\/a> <div class=\"links-wrapper\"> <div class=\"links\"> <a href=\"https:\/\/europairschweiz.ch\/fr\/portfolios\/air-curtain-superior\/\" target=\"_self\" class=\"icon self-link \"><\/a> <div class=\"overlay-line\"><\/div> <\/div> <\/div> <\/div> <\/div> <div class=\"caption post-15741 scalia_pf_item type-scalia_pf_item status-publish has-post-thumbnail hentry\"> <div class=\"title\"> Rideaux d&rsquo;Air <\/div> <\/div> <\/div> <\/div> <div class=\"portfolio-item air-curtains col-lg-3 col-md-3 col-sm-4 col-xs-6 post-15744 scalia_pf_item type-scalia_pf_item status-publish has-post-thumbnail hentry\" > <div class=\"wrap clearfix\"> <div class=\"image post-15744 scalia_pf_item type-scalia_pf_item status-publish has-post-thumbnail hentry\"> <div class=\"image-inner\"> <img loading=\"lazy\" decoding=\"async\" src=\"https:\/\/europairschweiz.ch\/wp-content\/uploads\/2019\/05\/Premium-scalia-portfolio-masonry.jpg\" width=\"488\" height=\"266\" alt=\"Rideaux d&rsquo;Air\" \/> <\/div> <div class=\"overlay\"> <a href=\"https:\/\/europairschweiz.ch\/fr\/portfolios\/air-curtain-superior-dx\/\" target=\"_self\" class=\"portolio-item-link self-link \"><\/a> <div class=\"links-wrapper\"> <div class=\"links\"> <a href=\"https:\/\/europairschweiz.ch\/fr\/portfolios\/air-curtain-superior-dx\/\" target=\"_self\" class=\"icon self-link \"><\/a> <div class=\"overlay-line\"><\/div> <\/div> <\/div> <\/div> <\/div> <div class=\"caption post-15744 scalia_pf_item type-scalia_pf_item status-publish has-post-thumbnail hentry\"> <div class=\"title\"> Rideaux d&rsquo;Air <\/div> <\/div> <\/div> <\/div> <div class=\"portfolio-item air-curtains col-lg-3 col-md-3 col-sm-4 col-xs-6 post-15745 scalia_pf_item type-scalia_pf_item status-publish has-post-thumbnail hentry\" > <div class=\"wrap clearfix\"> <div class=\"image post-15745 scalia_pf_item type-scalia_pf_item status-publish has-post-thumbnail hentry\"> <div class=\"image-inner\"> <img loading=\"lazy\" decoding=\"async\" src=\"https:\/\/europairschweiz.ch\/wp-content\/uploads\/2019\/05\/Premium-scalia-portfolio-masonry.jpg\" width=\"488\" height=\"266\" alt=\"Rideaux d&rsquo;Air\" \/> <\/div> <div class=\"overlay\"> <a href=\"https:\/\/europairschweiz.ch\/fr\/portfolios\/air-curtain-superior-xl\/\" target=\"_self\" class=\"portolio-item-link self-link \"><\/a> <div class=\"links-wrapper\"> <div class=\"links\"> <a href=\"https:\/\/europairschweiz.ch\/fr\/portfolios\/air-curtain-superior-xl\/\" target=\"_self\" class=\"icon self-link \"><\/a> <div class=\"overlay-line\"><\/div> <\/div> <\/div> <\/div> <\/div> <div class=\"caption post-15745 scalia_pf_item type-scalia_pf_item status-publish has-post-thumbnail hentry\"> <div class=\"title\"> Rideaux d&rsquo;Air <\/div> <\/div> <\/div> <\/div> <div class=\"portfolio-item air-curtains col-lg-3 col-md-3 col-sm-4 col-xs-6 post-15748 scalia_pf_item type-scalia_pf_item status-publish has-post-thumbnail hentry\" > <div class=\"wrap clearfix\"> <div class=\"image post-15748 scalia_pf_item type-scalia_pf_item status-publish has-post-thumbnail hentry\"> <div class=\"image-inner\"> <img loading=\"lazy\" decoding=\"async\" src=\"https:\/\/europairschweiz.ch\/wp-content\/uploads\/2019\/05\/Superior-GVP-scalia-portfolio-masonry.jpg\" width=\"598\" height=\"317\" alt=\"Rideaux d&rsquo;Air\" \/> <\/div> <div class=\"overlay\"> <a href=\"https:\/\/europairschweiz.ch\/fr\/portfolios\/air-curtain-premium-cassette\/\" target=\"_self\" class=\"portolio-item-link self-link \"><\/a> <div class=\"links-wrapper\"> <div class=\"links\"> <a href=\"https:\/\/europairschweiz.ch\/fr\/portfolios\/air-curtain-premium-cassette\/\" target=\"_self\" class=\"icon self-link \"><\/a> <div class=\"overlay-line\"><\/div> <\/div> <\/div> <\/div> <\/div> <div class=\"caption post-15748 scalia_pf_item type-scalia_pf_item status-publish has-post-thumbnail hentry\"> <div class=\"title\"> Rideaux d&rsquo;Air <\/div> <\/div> <\/div> <\/div> <\/div> <div class=\"portfolio-load-more col-lg-12\"> <div class=\"inner col-lg-12\"> <div class=\"sc-button-with-separator\"><div class=\"sc-button-sep-holder\"><div class=\"sc-button-separator sc-button-separator-double\"><\/div><\/div><div class=\"sc-button-sep-button\"><div class=\"centered-box\"><button class=\"sc-button\">Load more<\/button><\/div><\/div><div class=\"sc-button-sep-holder\"><div class=\"sc-button-separator sc-button-separator-double\"><\/div><\/div><\/div> <\/div> <\/div> <\/div> <\/div> <\/div> <\/div>[\/vc_column][\/vc_row][vc_row][vc_column][vc_custom_heading text=\u00a0\u00bbFans\u00a0\u00bb use_theme_fonts=\u00a0\u00bbyes\u00a0\u00bb]<div class=\"preloader\"><\/div> <div class=\"portfolio-preloader-wrapper\"> <div class=\"row\"> <div data-per-page=\"4\" data-portfolio-uid=\"c5eccdb\" class=\"portfolio portfolio-items-masonry columns-4 no-padding col-lg-12 col-md-12 col-sm-12 hover-vertical-sliding\" data-hover=\"vertical-sliding\" data-next-page=\"2\"> <div class=\"\"> <div class=\"portfolio-set col-lg-12 col-md-12 col-sm-12 clearfix\"> <div class=\"portfolio-item fans col-lg-3 col-md-3 col-sm-4 col-xs-6 post-15729 scalia_pf_item type-scalia_pf_item status-publish has-post-thumbnail hentry\" > <div class=\"wrap clearfix\"> <div class=\"image post-15729 scalia_pf_item type-scalia_pf_item status-publish has-post-thumbnail hentry\"> <div class=\"image-inner\"> <img loading=\"lazy\" decoding=\"async\" src=\"https:\/\/europairschweiz.ch\/wp-content\/uploads\/2019\/05\/Screenshot-2019-05-05-at-12.06.42-scalia-portfolio-masonry.png\" width=\"754\" height=\"740\" alt=\"Ventilateurs de d\u00e9senfumage\" \/> <\/div> <div class=\"overlay\"> <a href=\"https:\/\/europairschweiz.ch\/fr\/portfolios\/fans-smoke-extract-fans\/\" target=\"_self\" class=\"portolio-item-link self-link \"><\/a> <div class=\"links-wrapper\"> <div class=\"links\"> <a href=\"https:\/\/europairschweiz.ch\/fr\/portfolios\/fans-smoke-extract-fans\/\" target=\"_self\" class=\"icon self-link \"><\/a> <div class=\"overlay-line\"><\/div> <\/div> <\/div> <\/div> <\/div> <div class=\"caption post-15729 scalia_pf_item type-scalia_pf_item status-publish has-post-thumbnail hentry\"> <div class=\"title\"> Ventilateurs de d\u00e9senfumage <\/div> <\/div> <\/div> <\/div> <div class=\"portfolio-item fans col-lg-3 col-md-3 col-sm-4 col-xs-6 post-15731 scalia_pf_item type-scalia_pf_item status-publish has-post-thumbnail hentry\" > <div class=\"wrap clearfix\"> <div class=\"image post-15731 scalia_pf_item type-scalia_pf_item status-publish has-post-thumbnail hentry\"> <div class=\"image-inner\"> <img loading=\"lazy\" decoding=\"async\" src=\"https:\/\/europairschweiz.ch\/wp-content\/uploads\/2019\/05\/PLASTIC-scalia-portfolio-masonry.jpg\" width=\"203\" height=\"224\" alt=\"Ventilateurs en polypropyl\u00e8ne r\u00e9sistant \u00e0 l&rsquo;air agressive\" \/> <\/div> <div class=\"overlay\"> <a href=\"https:\/\/europairschweiz.ch\/fr\/portfolios\/fans-corrosion-resistant-polypropylene-fans\/\" target=\"_self\" class=\"portolio-item-link self-link \"><\/a> <div class=\"links-wrapper\"> <div class=\"links\"> <a href=\"https:\/\/europairschweiz.ch\/fr\/portfolios\/fans-corrosion-resistant-polypropylene-fans\/\" target=\"_self\" class=\"icon self-link \"><\/a> <div class=\"overlay-line\"><\/div> <\/div> <\/div> <\/div> <\/div> <div class=\"caption post-15731 scalia_pf_item type-scalia_pf_item status-publish has-post-thumbnail hentry\"> <div class=\"title\"> Ventilateurs en polypropyl\u00e8ne r\u00e9sistant \u00e0 l&rsquo;air agressive <\/div> <\/div> <\/div> <\/div> <div class=\"portfolio-item fans col-lg-3 col-md-3 col-sm-4 col-xs-6 post-15733 scalia_pf_item type-scalia_pf_item status-publish has-post-thumbnail hentry\" > <div class=\"wrap clearfix\"> <div class=\"image post-15733 scalia_pf_item type-scalia_pf_item status-publish has-post-thumbnail hentry\"> <div class=\"image-inner\"> <img loading=\"lazy\" decoding=\"async\" src=\"https:\/\/europairschweiz.ch\/wp-content\/uploads\/2019\/05\/DUCT-M-HT-scalia-portfolio-masonry.jpg\" width=\"187\" height=\"187\" alt=\"Ventilateurs Axiaux\" \/> <\/div> <div class=\"overlay\"> <a href=\"https:\/\/europairschweiz.ch\/fr\/portfolios\/fans-axial-fans\/\" target=\"_self\" class=\"portolio-item-link self-link \"><\/a> <div class=\"links-wrapper\"> <div class=\"links\"> <a href=\"https:\/\/europairschweiz.ch\/fr\/portfolios\/fans-axial-fans\/\" target=\"_self\" class=\"icon self-link \"><\/a> <div class=\"overlay-line\"><\/div> <\/div> <\/div> <\/div> <\/div> <div class=\"caption post-15733 scalia_pf_item type-scalia_pf_item status-publish has-post-thumbnail hentry\"> <div class=\"title\"> Ventilateurs Axiaux <\/div> <\/div> <\/div> <\/div> <div class=\"portfolio-item fans col-lg-3 col-md-3 col-sm-4 col-xs-6 post-15735 scalia_pf_item type-scalia_pf_item status-publish has-post-thumbnail hentry\" > <div class=\"wrap clearfix\"> <div class=\"image post-15735 scalia_pf_item type-scalia_pf_item status-publish has-post-thumbnail hentry\"> <div class=\"image-inner\"> <img loading=\"lazy\" decoding=\"async\" src=\"https:\/\/europairschweiz.ch\/wp-content\/uploads\/2019\/05\/JP-CENTRY-scalia-portfolio-masonry.jpg\" width=\"277\" height=\"155\" alt=\"Ventilateurs de Garage\" \/> <\/div> <div class=\"overlay\"> <a href=\"https:\/\/europairschweiz.ch\/fr\/portfolios\/fans-carpark-fans\/\" target=\"_self\" class=\"portolio-item-link self-link \"><\/a> <div class=\"links-wrapper\"> <div class=\"links\"> <a href=\"https:\/\/europairschweiz.ch\/fr\/portfolios\/fans-carpark-fans\/\" target=\"_self\" class=\"icon self-link \"><\/a> <div class=\"overlay-line\"><\/div> <\/div> <\/div> <\/div> <\/div> <div class=\"caption post-15735 scalia_pf_item type-scalia_pf_item status-publish has-post-thumbnail hentry\"> <div class=\"title\"> Ventilateurs de Garage <\/div> <\/div> <\/div> <\/div> <\/div> <div class=\"portfolio-load-more col-lg-12\"> <div class=\"inner col-lg-12\"> <div class=\"sc-button-with-separator\"><div class=\"sc-button-sep-holder\"><div class=\"sc-button-separator sc-button-separator-double\"><\/div><\/div><div class=\"sc-button-sep-button\"><div class=\"centered-box\"><button class=\"sc-button\">Load more<\/button><\/div><\/div><div class=\"sc-button-sep-holder\"><div class=\"sc-button-separator sc-button-separator-double\"><\/div><\/div><\/div> <\/div> <\/div> <\/div> <\/div> <\/div> <\/div>[\/vc_column][\/vc_row]<\/p>\n","protected":false},"excerpt":{"rendered":"<p>[vc_row][vc_column][vc_custom_heading text=\u00a0\u00bbResidental Ventilation\u00a0\u00bb use_theme_fonts=\u00a0\u00bbyes\u00a0\u00bb][\/vc_column][\/vc_row][vc_row][vc_column][vc_custom_heading text=\u00a0\u00bbAir Handling Units\u00a0\u00bb use_theme_fonts=\u00a0\u00bbyes\u00a0\u00bb][\/vc_column][\/vc_row][vc_row][vc_column][vc_custom_heading text=\u00a0\u00bbAir Terminal Units\u00a0\u00bb use_theme_fonts=\u00a0\u00bbyes\u00a0\u00bb][\/vc_column][\/vc_row][vc_row][vc_column][vc_custom_heading text=\u00a0\u00bbFire Dampers\u00a0\u00bb use_theme_fonts=\u00a0\u00bbyes\u00a0\u00bb][\/vc_column][\/vc_row][vc_row][vc_column][vc_custom_heading text=\u00a0\u00bbAir Curtains\u00a0\u00bb use_theme_fonts=\u00a0\u00bbyes\u00a0\u00bb][\/vc_column][\/vc_row][vc_row][vc_column][vc_custom_heading text=\u00a0\u00bbFans\u00a0\u00bb use_theme_fonts=\u00a0\u00bbyes\u00a0\u00bb][\/vc_column][\/vc_row]<\/p>\n","protected":false},"author":2,"featured_media":0,"parent":0,"menu_order":0,"comment_status":"closed","ping_status":"closed","template":"","meta":{"_exactmetrics_skip_tracking":false,"_exactmetrics_sitenote_active":false,"_exactmetrics_sitenote_note":"","_exactmetrics_sitenote_category":0,"footnotes":""},"class_list":["post-13571","page","type-page","status-publish","hentry"],"yoast_head":"<!-- This site is optimized with the Yoast SEO plugin v27.5 - https:\/\/yoast.com\/product\/yoast-seo-wordpress\/ -->\n<title>Produits - Europair Schweiz AG - Multisite<\/title>\n<meta name=\"robots\" content=\"index, follow, max-snippet:-1, max-image-preview:large, max-video-preview:-1\" \/>\n<link rel=\"canonical\" href=\"https:\/\/europairschweiz.ch\/fr\/produits\/\" \/>\n<meta property=\"og:locale\" content=\"fr_FR\" \/>\n<meta property=\"og:type\" content=\"article\" \/>\n<meta property=\"og:title\" content=\"Produits - Europair Schweiz AG - Multisite\" \/>\n<meta property=\"og:description\" content=\"[vc_row][vc_column][vc_custom_heading text=\u00a0\u00bbResidental Ventilation\u00a0\u00bb use_theme_fonts=\u00a0\u00bbyes\u00a0\u00bb][\/vc_column][\/vc_row][vc_row][vc_column][vc_custom_heading text=\u00a0\u00bbAir Handling Units\u00a0\u00bb use_theme_fonts=\u00a0\u00bbyes\u00a0\u00bb][\/vc_column][\/vc_row][vc_row][vc_column][vc_custom_heading text=\u00a0\u00bbAir Terminal Units\u00a0\u00bb use_theme_fonts=\u00a0\u00bbyes\u00a0\u00bb][\/vc_column][\/vc_row][vc_row][vc_column][vc_custom_heading text=\u00a0\u00bbFire Dampers\u00a0\u00bb use_theme_fonts=\u00a0\u00bbyes\u00a0\u00bb][\/vc_column][\/vc_row][vc_row][vc_column][vc_custom_heading text=\u00a0\u00bbAir Curtains\u00a0\u00bb use_theme_fonts=\u00a0\u00bbyes\u00a0\u00bb][\/vc_column][\/vc_row][vc_row][vc_column][vc_custom_heading text=\u00a0\u00bbFans\u00a0\u00bb use_theme_fonts=\u00a0\u00bbyes\u00a0\u00bb][\/vc_column][\/vc_row]\" \/>\n<meta property=\"og:url\" content=\"https:\/\/europairschweiz.ch\/fr\/produits\/\" \/>\n<meta property=\"og:site_name\" content=\"Europair Schweiz AG - Multisite\" \/>\n<meta property=\"article:modified_time\" content=\"2020-06-16T08:35:17+00:00\" \/>\n<meta name=\"twitter:card\" content=\"summary_large_image\" \/>\n<meta name=\"twitter:label1\" content=\"Dur\u00e9e de lecture estim\u00e9e\" \/>\n\t<meta name=\"twitter:data1\" content=\"1 minute\" \/>\n<script type=\"application\/ld+json\" class=\"yoast-schema-graph\">{\"@context\":\"https:\\\/\\\/schema.org\",\"@graph\":[{\"@type\":\"WebPage\",\"@id\":\"https:\\\/\\\/europairschweiz.ch\\\/fr\\\/produits\\\/\",\"url\":\"https:\\\/\\\/europairschweiz.ch\\\/fr\\\/produits\\\/\",\"name\":\"Produits - Europair Schweiz AG - Multisite\",\"isPartOf\":{\"@id\":\"https:\\\/\\\/europairschweiz.ch\\\/fr\\\/#website\"},\"datePublished\":\"2018-10-25T12:54:43+00:00\",\"dateModified\":\"2020-06-16T08:35:17+00:00\",\"breadcrumb\":{\"@id\":\"https:\\\/\\\/europairschweiz.ch\\\/fr\\\/produits\\\/#breadcrumb\"},\"inLanguage\":\"fr-FR\",\"potentialAction\":[{\"@type\":\"ReadAction\",\"target\":[\"https:\\\/\\\/europairschweiz.ch\\\/fr\\\/produits\\\/\"]}]},{\"@type\":\"BreadcrumbList\",\"@id\":\"https:\\\/\\\/europairschweiz.ch\\\/fr\\\/produits\\\/#breadcrumb\",\"itemListElement\":[{\"@type\":\"ListItem\",\"position\":1,\"name\":\"Startseite\",\"item\":\"https:\\\/\\\/europairschweiz.ch\\\/fr\\\/\"},{\"@type\":\"ListItem\",\"position\":2,\"name\":\"Produits\"}]},{\"@type\":\"WebSite\",\"@id\":\"https:\\\/\\\/europairschweiz.ch\\\/fr\\\/#website\",\"url\":\"https:\\\/\\\/europairschweiz.ch\\\/fr\\\/\",\"name\":\"Europair Schweiz AG - Multisite\",\"description\":\"\",\"potentialAction\":[{\"@type\":\"SearchAction\",\"target\":{\"@type\":\"EntryPoint\",\"urlTemplate\":\"https:\\\/\\\/europairschweiz.ch\\\/fr\\\/?s={search_term_string}\"},\"query-input\":{\"@type\":\"PropertyValueSpecification\",\"valueRequired\":true,\"valueName\":\"search_term_string\"}}],\"inLanguage\":\"fr-FR\"}]}<\/script>\n<!-- \/ Yoast SEO plugin. -->","yoast_head_json":{"title":"Produits - Europair Schweiz AG - Multisite","robots":{"index":"index","follow":"follow","max-snippet":"max-snippet:-1","max-image-preview":"max-image-preview:large","max-video-preview":"max-video-preview:-1"},"canonical":"https:\/\/europairschweiz.ch\/fr\/produits\/","og_locale":"fr_FR","og_type":"article","og_title":"Produits - Europair Schweiz AG - Multisite","og_description":"[vc_row][vc_column][vc_custom_heading text=\u00a0\u00bbResidental Ventilation\u00a0\u00bb use_theme_fonts=\u00a0\u00bbyes\u00a0\u00bb][\/vc_column][\/vc_row][vc_row][vc_column][vc_custom_heading text=\u00a0\u00bbAir Handling Units\u00a0\u00bb use_theme_fonts=\u00a0\u00bbyes\u00a0\u00bb][\/vc_column][\/vc_row][vc_row][vc_column][vc_custom_heading text=\u00a0\u00bbAir Terminal Units\u00a0\u00bb use_theme_fonts=\u00a0\u00bbyes\u00a0\u00bb][\/vc_column][\/vc_row][vc_row][vc_column][vc_custom_heading text=\u00a0\u00bbFire Dampers\u00a0\u00bb use_theme_fonts=\u00a0\u00bbyes\u00a0\u00bb][\/vc_column][\/vc_row][vc_row][vc_column][vc_custom_heading text=\u00a0\u00bbAir Curtains\u00a0\u00bb use_theme_fonts=\u00a0\u00bbyes\u00a0\u00bb][\/vc_column][\/vc_row][vc_row][vc_column][vc_custom_heading text=\u00a0\u00bbFans\u00a0\u00bb use_theme_fonts=\u00a0\u00bbyes\u00a0\u00bb][\/vc_column][\/vc_row]","og_url":"https:\/\/europairschweiz.ch\/fr\/produits\/","og_site_name":"Europair Schweiz AG - Multisite","article_modified_time":"2020-06-16T08:35:17+00:00","twitter_card":"summary_large_image","twitter_misc":{"Dur\u00e9e de lecture estim\u00e9e":"1 minute"},"schema":{"@context":"https:\/\/schema.org","@graph":[{"@type":"WebPage","@id":"https:\/\/europairschweiz.ch\/fr\/produits\/","url":"https:\/\/europairschweiz.ch\/fr\/produits\/","name":"Produits - Europair Schweiz AG - Multisite","isPartOf":{"@id":"https:\/\/europairschweiz.ch\/fr\/#website"},"datePublished":"2018-10-25T12:54:43+00:00","dateModified":"2020-06-16T08:35:17+00:00","breadcrumb":{"@id":"https:\/\/europairschweiz.ch\/fr\/produits\/#breadcrumb"},"inLanguage":"fr-FR","potentialAction":[{"@type":"ReadAction","target":["https:\/\/europairschweiz.ch\/fr\/produits\/"]}]},{"@type":"BreadcrumbList","@id":"https:\/\/europairschweiz.ch\/fr\/produits\/#breadcrumb","itemListElement":[{"@type":"ListItem","position":1,"name":"Startseite","item":"https:\/\/europairschweiz.ch\/fr\/"},{"@type":"ListItem","position":2,"name":"Produits"}]},{"@type":"WebSite","@id":"https:\/\/europairschweiz.ch\/fr\/#website","url":"https:\/\/europairschweiz.ch\/fr\/","name":"Europair Schweiz AG - Multisite","description":"","potentialAction":[{"@type":"SearchAction","target":{"@type":"EntryPoint","urlTemplate":"https:\/\/europairschweiz.ch\/fr\/?s={search_term_string}"},"query-input":{"@type":"PropertyValueSpecification","valueRequired":true,"valueName":"search_term_string"}}],"inLanguage":"fr-FR"}]}},"_links":{"self":[{"href":"https:\/\/europairschweiz.ch\/fr\/wp-json\/wp\/v2\/pages\/13571","targetHints":{"allow":["GET"]}}],"collection":[{"href":"https:\/\/europairschweiz.ch\/fr\/wp-json\/wp\/v2\/pages"}],"about":[{"href":"https:\/\/europairschweiz.ch\/fr\/wp-json\/wp\/v2\/types\/page"}],"author":[{"embeddable":true,"href":"https:\/\/europairschweiz.ch\/fr\/wp-json\/wp\/v2\/users\/2"}],"replies":[{"embeddable":true,"href":"https:\/\/europairschweiz.ch\/fr\/wp-json\/wp\/v2\/comments?post=13571"}],"version-history":[{"count":0,"href":"https:\/\/europairschweiz.ch\/fr\/wp-json\/wp\/v2\/pages\/13571\/revisions"}],"wp:attachment":[{"href":"https:\/\/europairschweiz.ch\/fr\/wp-json\/wp\/v2\/media?parent=13571"}],"curies":[{"name":"wp","href":"https:\/\/api.w.org\/{rel}","templated":true}]}}