{"id":13577,"date":"2019-01-30T07:51:43","date_gmt":"2019-01-30T07:51:43","guid":{"rendered":"https:\/\/europairschweiz.ch\/controlled-ventilation-on-demand\/"},"modified":"2019-03-06T06:49:52","modified_gmt":"2019-03-06T06:49:52","slug":"controlled-ventilation-on-demand","status":"publish","type":"page","link":"https:\/\/europairschweiz.ch\/fr\/controlled-ventilation-on-demand\/","title":{"rendered":"Ventilation contr\u00f4l\u00e9e \u00e0 la demande"},"content":{"rendered":"<p>[vc_row][vc_column][vc_column_text]Lorsqu&rsquo;elle est ex\u00e9cut\u00e9e correctement, la ventilation contr\u00f4l\u00e9e \u00e0 la demande est probablement la plus \u00e9conome en \u00e9nergie et la plus confortable de toutes les m\u00e9thodes de ventilation. En th\u00e9orie, la conception du syst\u00e8me est similaire \u00e0 celle d&rsquo;un syst\u00e8me de paiement \u00e0 l&rsquo;utilisation, ce qui signifie que la ventilation est constamment ajust\u00e9e en fonction de l&rsquo;utilisation.<\/p>\n<p>On estime qu&rsquo;une grande partie de la ventilation de nos bureaux, espaces r\u00e9sidentiels et commerciaux est con\u00e7ue en fonction d&rsquo;un syst\u00e8me de ventilation \u00e0 d\u00e9bit constant, couramment d\u00e9sign\u00e9e comme syst\u00e8me Tout\/Rien.<\/p>\n<p>Dans la plupart des cas, la ventilation fonctionne \u00e0 d\u00e9bit constant pendant la journ\u00e9e et aux heures de pointe et s&rsquo;arr\u00eate partiellement ou compl\u00e8tement le soir ou lorsque le b\u00e2timent n&rsquo;est pas utilis\u00e9.<\/p>\n<p>En ventilation contr\u00f4l\u00e9e sur demande, le confort et la climatisation de chaque zone occup\u00e9e sont ajust\u00e9s en fonction du d\u00e9bit d&rsquo;air, de la temp\u00e9rature et du niveau de pollution requis pour chaque zone ou pi\u00e8ce.<\/p>\n<p>La ventilation sur demande signifie une r\u00e9gulation individuelle du d\u00e9bit d&rsquo;air dans chaque zone occup\u00e9e, soit manuellement, soit par l&rsquo;interm\u00e9diaire d&rsquo;un syst\u00e8me d&rsquo;automatisation du b\u00e2timent.<\/p>\n<p>Quels que soient les d\u00e9bits d&rsquo;air fournis ou extraits, il doit y avoir un \u00e9quilibre entre les d\u00e9bits d&rsquo;air de soufflage et de reprise contr\u00f4l\u00e9s par le ventilateur. Ceci est important, entre autres pour une utilisation optimale de l&rsquo;\u00e9changeur de chaleur et minimiser ainsi la consommation d&rsquo;\u00e9nergie.<\/p>\n<p>Il s&rsquo;agit d&rsquo;une m\u00e9thode plus \u00e9conomique en \u00e9nergie que de laisser les ventilateurs fonctionner tout le temps \u00e0 une vitesse constante et \u00e0 basse pression.<\/p>\n<p>La raison en est que l&rsquo;on n&rsquo;utilise pas plus d&rsquo;air que n\u00e9cessaire pour obtenir une bonne qualit\u00e9 de l&rsquo;air et que pendant les p\u00e9riodes o\u00f9 personne ne reste dans le logement, on utilise seulement autant d&rsquo;air que n\u00e9cessaire afin d&rsquo;a\u00e9rer les \u00e9missions du b\u00e2timent. Il y a donc deux grands avantages avec la ventilation \u00e0 la demande, une consommation d&rsquo;\u00e9nergie r\u00e9duite et une meilleure qualit\u00e9 de l&rsquo;air.<\/p>\n<p>La ventilation \u00e0 la demande signifie que la conception du syst\u00e8me change par rapport \u00e0 la solution syst\u00e8me traditionnelle. La r\u00e9gulation de la vitesse du ventilateur doit \u00eatre bas\u00e9e sur le principe de la r\u00e9gulation \u00e9lectronique de la vitesse avec signal provenant d&rsquo;un capteur de pression plac\u00e9 dans le r\u00e9seau de conduits. Les diffuseurs dans les espaces quotidiennement occup\u00e9s doivent \u00e9galement \u00eatre con\u00e7us de mani\u00e8re \u00e0 r\u00e9agir correctement aux changements de d\u00e9bits d&rsquo;air. Gr\u00e2ce au fait qu&rsquo;un syst\u00e8me r\u00e9gul\u00e9 par la demande s&rsquo;appuie sur une pression qu&rsquo;il est possible de maintenir, nous obtenons \u00e9galement un troisi\u00e8me grand avantage : cela permet ainsi d&rsquo;\u00e9viter les probl\u00e8mes de bruit. Quel que soit le r\u00e9glage du diffuseur de soufflage et de reprise d\u2019air, la perte de charge ne changera pas et nous \u00e9liminons ainsi l&rsquo;une des conditions pr\u00e9alables \u00e0 l&rsquo;apparition de probl\u00e8mes sonores.<\/p>\n<p>Contr\u00f4ler la ventilation afin d&rsquo;obtenir le bon volume d&rsquo;air \u00e0 tout moment am\u00e9liorera consid\u00e9rablement le confort. En m\u00eame temps, l&rsquo;\u00e9nergie sera \u00e9conomis\u00e9e au fur et \u00e0 mesure que la ventilation diminue quand elle n&rsquo;est pas n\u00e9cessaire.<\/p>\n<p>La ventilation \u00e0 la demande peut \u00eatre un syst\u00e8me simple bas\u00e9 sur les exigences de temps et de temp\u00e9rature d&rsquo;une zone occup\u00e9e. Pour une installation multi-capteurs \u00e0 l&rsquo;int\u00e9rieur d&rsquo;une zone en combinaison avec des capteurs de CO2, COV, temp\u00e9rature, humidit\u00e9, pr\u00e9sence et lumi\u00e8re. Dans de tels syst\u00e8mes, la salle de comp\u00e9tition est automatis\u00e9e pour s&rsquo;adapter aux besoins d&rsquo;un ou de plusieurs utilisateurs dans chaque zone. De tels syst\u00e8mes combinent le plus souvent le processus de travail de refroidissement, de chauffage, de ventilation et de distribution d&rsquo;air pour s&rsquo;adapter aux exigences de l&rsquo;utilisation et l&rsquo;automatisation du b\u00e2timent a pour t\u00e2che d&rsquo;optimiser les r\u00e9glages afin de r\u00e9duire les besoins et la pression pour s&rsquo;adapter au bon environnement et r\u00e9duire le co\u00fbt \u00e9nerg\u00e9tique par zone. De cette fa\u00e7on, un confort maximal est combin\u00e9 \u00e0 un potentiel d&rsquo;\u00e9conomie d&rsquo;\u00e9nergie maximum.<\/p>\n<p><em>Ref: Svensk Ventilation hand book \u201cshortness of breath\u201d<\/em>[\/vc_column_text][\/vc_column][\/vc_row]<\/p>\n","protected":false},"excerpt":{"rendered":"<p>[vc_row][vc_column][vc_column_text]Lorsqu&rsquo;elle est ex\u00e9cut\u00e9e correctement, la ventilation contr\u00f4l\u00e9e \u00e0 la demande est probablement la plus \u00e9conome en \u00e9nergie et la plus&#8230;<\/p>\n","protected":false},"author":2,"featured_media":0,"parent":0,"menu_order":0,"comment_status":"closed","ping_status":"closed","template":"","meta":{"_exactmetrics_skip_tracking":false,"_exactmetrics_sitenote_active":false,"_exactmetrics_sitenote_note":"","_exactmetrics_sitenote_category":0,"footnotes":""},"class_list":["post-13577","page","type-page","status-publish","hentry"],"yoast_head":"<!-- This site is optimized with the Yoast SEO plugin v27.5 - https:\/\/yoast.com\/product\/yoast-seo-wordpress\/ -->\n<title>Ventilation contr\u00f4l\u00e9e \u00e0 la demande - Europair Schweiz AG - Multisite<\/title>\n<meta name=\"robots\" content=\"index, follow, max-snippet:-1, max-image-preview:large, max-video-preview:-1\" \/>\n<link rel=\"canonical\" href=\"https:\/\/europairschweiz.ch\/fr\/controlled-ventilation-on-demand\/\" \/>\n<meta property=\"og:locale\" content=\"fr_FR\" \/>\n<meta property=\"og:type\" content=\"article\" \/>\n<meta property=\"og:title\" content=\"Ventilation contr\u00f4l\u00e9e \u00e0 la demande - Europair Schweiz AG - Multisite\" \/>\n<meta property=\"og:description\" content=\"[vc_row][vc_column][vc_column_text]Lorsqu&rsquo;elle est ex\u00e9cut\u00e9e correctement, la ventilation contr\u00f4l\u00e9e \u00e0 la demande est probablement la plus \u00e9conome en \u00e9nergie et la plus...\" \/>\n<meta property=\"og:url\" content=\"https:\/\/europairschweiz.ch\/fr\/controlled-ventilation-on-demand\/\" \/>\n<meta property=\"og:site_name\" content=\"Europair Schweiz AG - Multisite\" \/>\n<meta property=\"article:modified_time\" content=\"2019-03-06T06:49:52+00:00\" \/>\n<meta name=\"twitter:card\" content=\"summary_large_image\" \/>\n<meta name=\"twitter:label1\" content=\"Dur\u00e9e de lecture estim\u00e9e\" \/>\n\t<meta name=\"twitter:data1\" content=\"4 minutes\" \/>\n<script type=\"application\/ld+json\" class=\"yoast-schema-graph\">{\"@context\":\"https:\\\/\\\/schema.org\",\"@graph\":[{\"@type\":\"WebPage\",\"@id\":\"https:\\\/\\\/europairschweiz.ch\\\/fr\\\/controlled-ventilation-on-demand\\\/\",\"url\":\"https:\\\/\\\/europairschweiz.ch\\\/fr\\\/controlled-ventilation-on-demand\\\/\",\"name\":\"Ventilation contr\u00f4l\u00e9e \u00e0 la demande - Europair Schweiz AG - Multisite\",\"isPartOf\":{\"@id\":\"https:\\\/\\\/europairschweiz.ch\\\/fr\\\/#website\"},\"datePublished\":\"2019-01-30T07:51:43+00:00\",\"dateModified\":\"2019-03-06T06:49:52+00:00\",\"breadcrumb\":{\"@id\":\"https:\\\/\\\/europairschweiz.ch\\\/fr\\\/controlled-ventilation-on-demand\\\/#breadcrumb\"},\"inLanguage\":\"fr-FR\",\"potentialAction\":[{\"@type\":\"ReadAction\",\"target\":[\"https:\\\/\\\/europairschweiz.ch\\\/fr\\\/controlled-ventilation-on-demand\\\/\"]}]},{\"@type\":\"BreadcrumbList\",\"@id\":\"https:\\\/\\\/europairschweiz.ch\\\/fr\\\/controlled-ventilation-on-demand\\\/#breadcrumb\",\"itemListElement\":[{\"@type\":\"ListItem\",\"position\":1,\"name\":\"Startseite\",\"item\":\"https:\\\/\\\/europairschweiz.ch\\\/fr\\\/\"},{\"@type\":\"ListItem\",\"position\":2,\"name\":\"Ventilation contr\u00f4l\u00e9e \u00e0 la demande\"}]},{\"@type\":\"WebSite\",\"@id\":\"https:\\\/\\\/europairschweiz.ch\\\/fr\\\/#website\",\"url\":\"https:\\\/\\\/europairschweiz.ch\\\/fr\\\/\",\"name\":\"Europair Schweiz AG - Multisite\",\"description\":\"\",\"potentialAction\":[{\"@type\":\"SearchAction\",\"target\":{\"@type\":\"EntryPoint\",\"urlTemplate\":\"https:\\\/\\\/europairschweiz.ch\\\/fr\\\/?s={search_term_string}\"},\"query-input\":{\"@type\":\"PropertyValueSpecification\",\"valueRequired\":true,\"valueName\":\"search_term_string\"}}],\"inLanguage\":\"fr-FR\"}]}<\/script>\n<!-- \/ Yoast SEO plugin. -->","yoast_head_json":{"title":"Ventilation contr\u00f4l\u00e9e \u00e0 la demande - Europair Schweiz AG - Multisite","robots":{"index":"index","follow":"follow","max-snippet":"max-snippet:-1","max-image-preview":"max-image-preview:large","max-video-preview":"max-video-preview:-1"},"canonical":"https:\/\/europairschweiz.ch\/fr\/controlled-ventilation-on-demand\/","og_locale":"fr_FR","og_type":"article","og_title":"Ventilation contr\u00f4l\u00e9e \u00e0 la demande - Europair Schweiz AG - Multisite","og_description":"[vc_row][vc_column][vc_column_text]Lorsqu&rsquo;elle est ex\u00e9cut\u00e9e correctement, la ventilation contr\u00f4l\u00e9e \u00e0 la demande est probablement la plus \u00e9conome en \u00e9nergie et la plus...","og_url":"https:\/\/europairschweiz.ch\/fr\/controlled-ventilation-on-demand\/","og_site_name":"Europair Schweiz AG - Multisite","article_modified_time":"2019-03-06T06:49:52+00:00","twitter_card":"summary_large_image","twitter_misc":{"Dur\u00e9e de lecture estim\u00e9e":"4 minutes"},"schema":{"@context":"https:\/\/schema.org","@graph":[{"@type":"WebPage","@id":"https:\/\/europairschweiz.ch\/fr\/controlled-ventilation-on-demand\/","url":"https:\/\/europairschweiz.ch\/fr\/controlled-ventilation-on-demand\/","name":"Ventilation contr\u00f4l\u00e9e \u00e0 la demande - Europair Schweiz AG - Multisite","isPartOf":{"@id":"https:\/\/europairschweiz.ch\/fr\/#website"},"datePublished":"2019-01-30T07:51:43+00:00","dateModified":"2019-03-06T06:49:52+00:00","breadcrumb":{"@id":"https:\/\/europairschweiz.ch\/fr\/controlled-ventilation-on-demand\/#breadcrumb"},"inLanguage":"fr-FR","potentialAction":[{"@type":"ReadAction","target":["https:\/\/europairschweiz.ch\/fr\/controlled-ventilation-on-demand\/"]}]},{"@type":"BreadcrumbList","@id":"https:\/\/europairschweiz.ch\/fr\/controlled-ventilation-on-demand\/#breadcrumb","itemListElement":[{"@type":"ListItem","position":1,"name":"Startseite","item":"https:\/\/europairschweiz.ch\/fr\/"},{"@type":"ListItem","position":2,"name":"Ventilation contr\u00f4l\u00e9e \u00e0 la demande"}]},{"@type":"WebSite","@id":"https:\/\/europairschweiz.ch\/fr\/#website","url":"https:\/\/europairschweiz.ch\/fr\/","name":"Europair Schweiz AG - Multisite","description":"","potentialAction":[{"@type":"SearchAction","target":{"@type":"EntryPoint","urlTemplate":"https:\/\/europairschweiz.ch\/fr\/?s={search_term_string}"},"query-input":{"@type":"PropertyValueSpecification","valueRequired":true,"valueName":"search_term_string"}}],"inLanguage":"fr-FR"}]}},"_links":{"self":[{"href":"https:\/\/europairschweiz.ch\/fr\/wp-json\/wp\/v2\/pages\/13577","targetHints":{"allow":["GET"]}}],"collection":[{"href":"https:\/\/europairschweiz.ch\/fr\/wp-json\/wp\/v2\/pages"}],"about":[{"href":"https:\/\/europairschweiz.ch\/fr\/wp-json\/wp\/v2\/types\/page"}],"author":[{"embeddable":true,"href":"https:\/\/europairschweiz.ch\/fr\/wp-json\/wp\/v2\/users\/2"}],"replies":[{"embeddable":true,"href":"https:\/\/europairschweiz.ch\/fr\/wp-json\/wp\/v2\/comments?post=13577"}],"version-history":[{"count":0,"href":"https:\/\/europairschweiz.ch\/fr\/wp-json\/wp\/v2\/pages\/13577\/revisions"}],"wp:attachment":[{"href":"https:\/\/europairschweiz.ch\/fr\/wp-json\/wp\/v2\/media?parent=13577"}],"curies":[{"name":"wp","href":"https:\/\/api.w.org\/{rel}","templated":true}]}}