{"id":13578,"date":"2019-01-30T07:51:04","date_gmt":"2019-01-30T07:51:04","guid":{"rendered":"https:\/\/europairschweiz.ch\/air-distribution\/"},"modified":"2019-03-06T06:43:58","modified_gmt":"2019-03-06T06:43:58","slug":"air-distribution","status":"publish","type":"page","link":"https:\/\/europairschweiz.ch\/fr\/air-distribution\/","title":{"rendered":"Diffusion d&rsquo;air et Unit\u00e9 de r\u00e9gulation"},"content":{"rendered":"<p>[vc_row][vc_column][vc_column_text]<img loading=\"lazy\" decoding=\"async\" class=\"alignright wp-image-10111\" src=\"https:\/\/europairschweiz.ch\/wp-content\/uploads\/2015\/03\/611.jpg\" alt=\"\" width=\"450\" height=\"338\" srcset=\"https:\/\/europairschweiz.ch\/wp-content\/uploads\/2015\/03\/611.jpg 1280w, https:\/\/europairschweiz.ch\/wp-content\/uploads\/2015\/03\/611-300x225.jpg 300w, https:\/\/europairschweiz.ch\/wp-content\/uploads\/2015\/03\/611-768x576.jpg 768w, https:\/\/europairschweiz.ch\/wp-content\/uploads\/2015\/03\/611-1024x768.jpg 1024w\" sizes=\"auto, (max-width: 450px) 100vw, 450px\" \/>La distribution de l&rsquo;air ambiant peut \u00eatre d\u00e9finie en deux cat\u00e9gories distinctes :<\/p>\n<p><strong>Syst\u00e8mes de m\u00e9lange et de d\u00e9placement de l&rsquo;air<\/strong><\/p>\n<p>Dans <em>les syst\u00e8mes de m\u00e9lange<\/em>, l&rsquo;air d\u00e9sign\u00e9e en tant qu&rsquo;air \u00ab\u00a0primaire\u00a0\u00bb est m\u00e9lang\u00e9 \u00e0 l&rsquo;air ambiant (ou dit secondaire) \u00e0 partir du plafond, du mur ou du plancher en introduisant l&rsquo;air dans la pi\u00e8ce \u00e0 une vitesse plus ou moins \u00e9lev\u00e9e.<\/p>\n<p>Dans <em>les syst\u00e8mes dits de d\u00e9placement<\/em>, l&rsquo;air primaire est m\u00e9lang\u00e9 dans la pi\u00e8ce \u00e0 basse vitesse, dans la plupart des cas directement dans la zone occup\u00e9e. Pour certaines raisons plus sp\u00e9cifiques, comme la protection de l&rsquo;hygi\u00e8ne, l&rsquo;air est \u00e9galement introduit \u00e0 faible vitesse depuis le plafond. Dans les applications commerciales ou industrielles, <em>le d\u00e9placement et le m\u00e9lange sont r\u00e9unis en une seule solution afin de r\u00e9pondre aux besoins d&rsquo;une zone sp\u00e9cifique pour isoler la ventilation ou le refroidissement \u00e0 une zone sp\u00e9cifique.<\/em><\/p>\n<p>Dans <em>les syst\u00e8mes de m\u00e9lange<\/em>, l&rsquo;air est introduit dans la zone ou la pi\u00e8ce \u00e0 des vitesses allant de moyennes \u00e0 \u00e9lev\u00e9es pour obtenir le rapport d&rsquo;entra\u00eenement n\u00e9cessaire \u00e0 un bon m\u00e9lange entre l&rsquo;air primaire et secondaire. Ce rapport entra\u00eene une l&rsquo;adaptation de la\u00a0 temp\u00e9rature de l&rsquo;air d&rsquo;alimentation pour atteindre la temp\u00e9rature de l&rsquo;air ambiant dans temps tr\u00e8s court. En principe, <em>les diffuseurs \u00e0 jet h\u00e9lico\u00efdal et les diffuseurs \u00e0 buses sont connus pour leur taux \u00e9lev\u00e9 de transmission, alors que les grilles \u00e0 double d\u00e9flexion simples et les diffuseurs lin\u00e9aires sont connus pour leur faible taux de transmission.<\/em><br \/>\nUn autre avantage du diffuseur \u00e0 taux \u00e9lev\u00e9 de transmission est d&rsquo;apporter un plus grand confort pour les individus d&rsquo;une zone en particulier. Cependant, plus le rapport de m\u00e9lange entre l&rsquo;air souffl\u00e9 et l&rsquo;air ambiant est \u00e9lev\u00e9, plus le taux de m\u00e9lange entre l&rsquo;air pollu\u00e9 et l&rsquo;air frais est \u00e9galement \u00e9lev\u00e9. Lorsque les gens entrent et sortent des bureaux, ils transportent avec eux un certain type de pollution, g\u00e9n\u00e9rant de la poussi\u00e8re dans la zone occup\u00e9e \u00e0 travers leurs v\u00eatements, leurs chaussures et ainsi de suite. Il y a donc un compromis \u00e0 faire entre le niveau de confort et le taux de pollution qui vient se m\u00e9langer \u00e0 l&rsquo;air fra\u00eechement introduit. Un autre inconv\u00e9nient des diffuseurs de m\u00e9lange, est le fait que ceux-ci sont en g\u00e9n\u00e9ral install\u00e9s sur les murs et les plafonds, ce qui signifie que le volume d&rsquo;air est conditionn\u00e9 \u00e0 l&rsquo;endroit o\u00f9 le diffuseur est install\u00e9. Plus le volume d&rsquo;air conditionn\u00e9 est important, plus la dimension du syst\u00e8me est grande (groupe de traitement d&rsquo;air, refroidisseur, syst\u00e8me de conduits et diffusion d&rsquo;air, car le m3\/h est con\u00e7u pour le volume total de l&rsquo;air conditionn\u00e9 n\u00e9cessaire. Note : comme la zone occup\u00e9e n&rsquo;est pas \u00e0 plus de 1,8 m du plancher et 0,5 m des murs p\u00e9riph\u00e9riques, le volume d&rsquo;air climatis\u00e9 n\u00e9cessaire est un pourcentage du volume total de la pi\u00e8ce). Cela aura une incidence sur les co\u00fbts d&rsquo;\u00e9nergie et d&rsquo;installation de l&rsquo;ensemble du b\u00e2timent. Il faut \u00e9galement tenir compte du fait que lorsque les syst\u00e8mes de m\u00e9lange d&rsquo;air introduisent de l&rsquo;air primaire dans la pi\u00e8ce ou dans une zone occup\u00e9e, les risques de perturbations sonores dans la pi\u00e8ce ainsi que les pertes de pression du syst\u00e8me augmentent.<\/p>\n<p>Dans un syst\u00e8me de d\u00e9placement, l&rsquo;air est introduit directement dans la zone occup\u00e9e \u00e0 une vitesse allant de faible \u00e0 tr\u00e8s faible avec une diff\u00e9rence de temp\u00e9rature moindre entre l&rsquo;air souffl\u00e9 et l&rsquo;air ambiant. G\u00e9n\u00e9ralement, les diffuseurs \u00e0 d\u00e9placement d&rsquo;air sont construits en ayant diff\u00e9rentes pr\u00e9formations sur la face avant du diffuseur. Cela cr\u00e9e g\u00e9n\u00e9ralement une surpression dans le diffuseur en r\u00e9duisant la surface libre et a une vitesse frontale lin\u00e9aire. Une telle construction et une telle vitesse lin\u00e9aire se traduiront par un faible rapport d&rsquo;entra\u00eenement entre l&rsquo;air souffl\u00e9 et l&rsquo;air ambiant. L&rsquo;avantage d&rsquo;un tel syst\u00e8me est la climatisation directe de la zone de s\u00e9jour et l&rsquo;extraction de l&rsquo;air en pla\u00e7ant la grille d&rsquo;entr\u00e9e ou le diffuseur dans ou pr\u00e8s du plafond. Ce syst\u00e8me r\u00e9duira ou limitera le volume total d&rsquo;air conditionn\u00e9 dans la zone occup\u00e9e, ce qui r\u00e9duira l&rsquo;installation du syst\u00e8me et les co\u00fbts \u00e9nerg\u00e9tiques. De m\u00eame, en introduisant l&rsquo;air primaire \u00e0 basse ou tr\u00e8s basse vitesse, les niveaux sonores resteront bas. L&rsquo;inconv\u00e9nient d&rsquo;un tel syst\u00e8me est la complexit\u00e9 de calcul et d&rsquo;installation. Les grands halls tels que centres commerciaux, a\u00e9roports, usines ou halls industriels offrent les conditions id\u00e9ales pour l&rsquo;installation d&rsquo;un syst\u00e8me de d\u00e9placement de l&rsquo;air.[\/vc_column_text][\/vc_column][\/vc_row]<\/p>\n","protected":false},"excerpt":{"rendered":"<p>[vc_row][vc_column][vc_column_text]La distribution de l&rsquo;air ambiant peut \u00eatre d\u00e9finie en deux cat\u00e9gories distinctes : Syst\u00e8mes de m\u00e9lange et de d\u00e9placement de&#8230;<\/p>\n","protected":false},"author":2,"featured_media":0,"parent":0,"menu_order":0,"comment_status":"closed","ping_status":"closed","template":"","meta":{"_exactmetrics_skip_tracking":false,"_exactmetrics_sitenote_active":false,"_exactmetrics_sitenote_note":"","_exactmetrics_sitenote_category":0,"footnotes":""},"class_list":["post-13578","page","type-page","status-publish","hentry"],"yoast_head":"<!-- This site is optimized with the Yoast SEO plugin v27.5 - https:\/\/yoast.com\/product\/yoast-seo-wordpress\/ -->\n<title>Diffusion d&#039;air et Unit\u00e9 de r\u00e9gulation - Europair Schweiz AG - Multisite<\/title>\n<meta name=\"robots\" content=\"index, follow, max-snippet:-1, max-image-preview:large, max-video-preview:-1\" \/>\n<link rel=\"canonical\" href=\"https:\/\/europairschweiz.ch\/fr\/air-distribution\/\" \/>\n<meta property=\"og:locale\" content=\"fr_FR\" \/>\n<meta property=\"og:type\" content=\"article\" \/>\n<meta property=\"og:title\" content=\"Diffusion d&#039;air et Unit\u00e9 de r\u00e9gulation - Europair Schweiz AG - Multisite\" \/>\n<meta property=\"og:description\" content=\"[vc_row][vc_column][vc_column_text]La distribution de l&rsquo;air ambiant peut \u00eatre d\u00e9finie en deux cat\u00e9gories distinctes : Syst\u00e8mes de m\u00e9lange et de d\u00e9placement de...\" \/>\n<meta property=\"og:url\" content=\"https:\/\/europairschweiz.ch\/fr\/air-distribution\/\" \/>\n<meta property=\"og:site_name\" content=\"Europair Schweiz AG - Multisite\" \/>\n<meta property=\"article:modified_time\" content=\"2019-03-06T06:43:58+00:00\" \/>\n<meta property=\"og:image\" content=\"https:\/\/europairschweiz.ch\/wp-content\/uploads\/2015\/03\/611.jpg\" \/>\n<meta name=\"twitter:card\" content=\"summary_large_image\" \/>\n<meta name=\"twitter:label1\" content=\"Dur\u00e9e de lecture estim\u00e9e\" \/>\n\t<meta name=\"twitter:data1\" content=\"4 minutes\" \/>\n<script type=\"application\/ld+json\" class=\"yoast-schema-graph\">{\"@context\":\"https:\\\/\\\/schema.org\",\"@graph\":[{\"@type\":\"WebPage\",\"@id\":\"https:\\\/\\\/europairschweiz.ch\\\/fr\\\/air-distribution\\\/\",\"url\":\"https:\\\/\\\/europairschweiz.ch\\\/fr\\\/air-distribution\\\/\",\"name\":\"Diffusion d'air et Unit\u00e9 de r\u00e9gulation - Europair Schweiz AG - Multisite\",\"isPartOf\":{\"@id\":\"https:\\\/\\\/europairschweiz.ch\\\/fr\\\/#website\"},\"primaryImageOfPage\":{\"@id\":\"https:\\\/\\\/europairschweiz.ch\\\/fr\\\/air-distribution\\\/#primaryimage\"},\"image\":{\"@id\":\"https:\\\/\\\/europairschweiz.ch\\\/fr\\\/air-distribution\\\/#primaryimage\"},\"thumbnailUrl\":\"https:\\\/\\\/europairschweiz.ch\\\/wp-content\\\/uploads\\\/2015\\\/03\\\/611.jpg\",\"datePublished\":\"2019-01-30T07:51:04+00:00\",\"dateModified\":\"2019-03-06T06:43:58+00:00\",\"breadcrumb\":{\"@id\":\"https:\\\/\\\/europairschweiz.ch\\\/fr\\\/air-distribution\\\/#breadcrumb\"},\"inLanguage\":\"fr-FR\",\"potentialAction\":[{\"@type\":\"ReadAction\",\"target\":[\"https:\\\/\\\/europairschweiz.ch\\\/fr\\\/air-distribution\\\/\"]}]},{\"@type\":\"ImageObject\",\"inLanguage\":\"fr-FR\",\"@id\":\"https:\\\/\\\/europairschweiz.ch\\\/fr\\\/air-distribution\\\/#primaryimage\",\"url\":\"https:\\\/\\\/europairschweiz.ch\\\/wp-content\\\/uploads\\\/2015\\\/03\\\/611.jpg\",\"contentUrl\":\"https:\\\/\\\/europairschweiz.ch\\\/wp-content\\\/uploads\\\/2015\\\/03\\\/611.jpg\"},{\"@type\":\"BreadcrumbList\",\"@id\":\"https:\\\/\\\/europairschweiz.ch\\\/fr\\\/air-distribution\\\/#breadcrumb\",\"itemListElement\":[{\"@type\":\"ListItem\",\"position\":1,\"name\":\"Startseite\",\"item\":\"https:\\\/\\\/europairschweiz.ch\\\/fr\\\/\"},{\"@type\":\"ListItem\",\"position\":2,\"name\":\"Diffusion d&rsquo;air et Unit\u00e9 de r\u00e9gulation\"}]},{\"@type\":\"WebSite\",\"@id\":\"https:\\\/\\\/europairschweiz.ch\\\/fr\\\/#website\",\"url\":\"https:\\\/\\\/europairschweiz.ch\\\/fr\\\/\",\"name\":\"Europair Schweiz AG - Multisite\",\"description\":\"\",\"potentialAction\":[{\"@type\":\"SearchAction\",\"target\":{\"@type\":\"EntryPoint\",\"urlTemplate\":\"https:\\\/\\\/europairschweiz.ch\\\/fr\\\/?s={search_term_string}\"},\"query-input\":{\"@type\":\"PropertyValueSpecification\",\"valueRequired\":true,\"valueName\":\"search_term_string\"}}],\"inLanguage\":\"fr-FR\"}]}<\/script>\n<!-- \/ Yoast SEO plugin. -->","yoast_head_json":{"title":"Diffusion d'air et Unit\u00e9 de r\u00e9gulation - Europair Schweiz AG - Multisite","robots":{"index":"index","follow":"follow","max-snippet":"max-snippet:-1","max-image-preview":"max-image-preview:large","max-video-preview":"max-video-preview:-1"},"canonical":"https:\/\/europairschweiz.ch\/fr\/air-distribution\/","og_locale":"fr_FR","og_type":"article","og_title":"Diffusion d'air et Unit\u00e9 de r\u00e9gulation - Europair Schweiz AG - Multisite","og_description":"[vc_row][vc_column][vc_column_text]La distribution de l&rsquo;air ambiant peut \u00eatre d\u00e9finie en deux cat\u00e9gories distinctes : Syst\u00e8mes de m\u00e9lange et de d\u00e9placement de...","og_url":"https:\/\/europairschweiz.ch\/fr\/air-distribution\/","og_site_name":"Europair Schweiz AG - Multisite","article_modified_time":"2019-03-06T06:43:58+00:00","og_image":[{"url":"https:\/\/europairschweiz.ch\/wp-content\/uploads\/2015\/03\/611.jpg","type":"","width":"","height":""}],"twitter_card":"summary_large_image","twitter_misc":{"Dur\u00e9e de lecture estim\u00e9e":"4 minutes"},"schema":{"@context":"https:\/\/schema.org","@graph":[{"@type":"WebPage","@id":"https:\/\/europairschweiz.ch\/fr\/air-distribution\/","url":"https:\/\/europairschweiz.ch\/fr\/air-distribution\/","name":"Diffusion d'air et Unit\u00e9 de r\u00e9gulation - Europair Schweiz AG - Multisite","isPartOf":{"@id":"https:\/\/europairschweiz.ch\/fr\/#website"},"primaryImageOfPage":{"@id":"https:\/\/europairschweiz.ch\/fr\/air-distribution\/#primaryimage"},"image":{"@id":"https:\/\/europairschweiz.ch\/fr\/air-distribution\/#primaryimage"},"thumbnailUrl":"https:\/\/europairschweiz.ch\/wp-content\/uploads\/2015\/03\/611.jpg","datePublished":"2019-01-30T07:51:04+00:00","dateModified":"2019-03-06T06:43:58+00:00","breadcrumb":{"@id":"https:\/\/europairschweiz.ch\/fr\/air-distribution\/#breadcrumb"},"inLanguage":"fr-FR","potentialAction":[{"@type":"ReadAction","target":["https:\/\/europairschweiz.ch\/fr\/air-distribution\/"]}]},{"@type":"ImageObject","inLanguage":"fr-FR","@id":"https:\/\/europairschweiz.ch\/fr\/air-distribution\/#primaryimage","url":"https:\/\/europairschweiz.ch\/wp-content\/uploads\/2015\/03\/611.jpg","contentUrl":"https:\/\/europairschweiz.ch\/wp-content\/uploads\/2015\/03\/611.jpg"},{"@type":"BreadcrumbList","@id":"https:\/\/europairschweiz.ch\/fr\/air-distribution\/#breadcrumb","itemListElement":[{"@type":"ListItem","position":1,"name":"Startseite","item":"https:\/\/europairschweiz.ch\/fr\/"},{"@type":"ListItem","position":2,"name":"Diffusion d&rsquo;air et Unit\u00e9 de r\u00e9gulation"}]},{"@type":"WebSite","@id":"https:\/\/europairschweiz.ch\/fr\/#website","url":"https:\/\/europairschweiz.ch\/fr\/","name":"Europair Schweiz AG - Multisite","description":"","potentialAction":[{"@type":"SearchAction","target":{"@type":"EntryPoint","urlTemplate":"https:\/\/europairschweiz.ch\/fr\/?s={search_term_string}"},"query-input":{"@type":"PropertyValueSpecification","valueRequired":true,"valueName":"search_term_string"}}],"inLanguage":"fr-FR"}]}},"_links":{"self":[{"href":"https:\/\/europairschweiz.ch\/fr\/wp-json\/wp\/v2\/pages\/13578","targetHints":{"allow":["GET"]}}],"collection":[{"href":"https:\/\/europairschweiz.ch\/fr\/wp-json\/wp\/v2\/pages"}],"about":[{"href":"https:\/\/europairschweiz.ch\/fr\/wp-json\/wp\/v2\/types\/page"}],"author":[{"embeddable":true,"href":"https:\/\/europairschweiz.ch\/fr\/wp-json\/wp\/v2\/users\/2"}],"replies":[{"embeddable":true,"href":"https:\/\/europairschweiz.ch\/fr\/wp-json\/wp\/v2\/comments?post=13578"}],"version-history":[{"count":0,"href":"https:\/\/europairschweiz.ch\/fr\/wp-json\/wp\/v2\/pages\/13578\/revisions"}],"wp:attachment":[{"href":"https:\/\/europairschweiz.ch\/fr\/wp-json\/wp\/v2\/media?parent=13578"}],"curies":[{"name":"wp","href":"https:\/\/api.w.org\/{rel}","templated":true}]}}