{"id":13580,"date":"2019-01-30T07:50:32","date_gmt":"2019-01-30T07:50:32","guid":{"rendered":"https:\/\/europairschweiz.ch\/iaq-and-ieq\/"},"modified":"2019-03-06T06:51:15","modified_gmt":"2019-03-06T06:51:15","slug":"iaq-and-ieq","status":"publish","type":"page","link":"https:\/\/europairschweiz.ch\/fr\/iaq-and-ieq\/","title":{"rendered":"IAQ et IEQ"},"content":{"rendered":"<p>[vc_row][vc_column][vc_column_text]La qualit\u00e9 de l&rsquo;air int\u00e9rieur (AIQ) est un terme g\u00e9n\u00e9ral qui d\u00e9signe la pr\u00e9sence de produits chimiques et de polluants physiques et biologiques dans l&rsquo;air d&rsquo;un b\u00e2timent (environnement atmosph\u00e9rique int\u00e9rieur).<\/p>\n<p>La IEQ est la qualit\u00e9 des param\u00e8tres d\u00e9crivant l&rsquo;environnement int\u00e9rieur tels que la temp\u00e9rature, le bruit, la lumi\u00e8re, la qualit\u00e9 de l&rsquo;air, etc.<\/p>\n<p>La conception et l&rsquo;exploitation des b\u00e2timents influent sur la IEQ et les r\u00e9actions humaines et, par cons\u00e9quent, indirectement sur les avantages d&rsquo;une productivit\u00e9 accrue. Les effets de la temp\u00e9rature de l&rsquo;air, du taux de ventilation, de la qualit\u00e9 de l&rsquo;air int\u00e9rieur, du bruit de la lumi\u00e8re et du contr\u00f4le individuel sur le rendement et l&rsquo;absent\u00e9isme sont r\u00e9sum\u00e9s dans ce qui suit. Comme il a \u00e9t\u00e9 d\u00e9montr\u00e9 que la temp\u00e9rature, la qualit\u00e9 de l&rsquo;air et le taux de ventilation affectent le Syndrome du B\u00e2timent Malade (SBM), l&rsquo;information est \u00e9galement donn\u00e9e en essayant de relier les sympt\u00f4mes du SBM et la performance. De plus, l&rsquo;impact potentiel d&rsquo;autres facteurs li\u00e9s \u00e0 l&rsquo;environnement int\u00e9rieur et les interactions entre les facteurs sur la performance du travail de bureau sont \u00e9galement discut\u00e9s.<\/p>\n<h3>Les effets de la temp\u00e9rature sur les performances;<\/h3>\n<h4>La temp\u00e9rature ambiante affecte la performance par plusieurs m\u00e9canismes ;<\/h4>\n<ul>\n<li>L&rsquo;inconfort thermique distrait l&rsquo;attention et g\u00e9n\u00e8re des plaintes qui augmentent les co\u00fbts de maintenance.<\/li>\n<li>La chaleur diminue l&rsquo;attention et exacerbe les sympt\u00f4mes SBM et a un effet n\u00e9gatif sur le travail mental.<\/li>\n<li>Le froid fait baisser la temp\u00e9rature des doigts et a donc un effet n\u00e9gatif sur la dext\u00e9rit\u00e9 manuelle.<\/li>\n<li>Les variations rapides de temp\u00e9rature ont les m\u00eames effets sur le travail de bureau que les temp\u00e9ratures ambiantes l\u00e9g\u00e8rement plus \u00e9lev\u00e9es, tandis que les variations lentes ne causent que de l&rsquo;inconfort.<\/li>\n<\/ul>\n<h4>Les effets de la qualit\u00e9 de l&rsquo;air int\u00e9rieur sur la performance ;<\/h4>\n<p>Il semble raisonnable de supposer que les personnes qui ne se sentent pas tr\u00e8s bien lorsque la qualit\u00e9 de l&rsquo;air est mauvaise ne travailleront pas tr\u00e8s bien. D&rsquo;autres m\u00e9canismes possibles pour un effet de la mauvaise qualit\u00e9 de l&rsquo;air sur le rendement, notamment la distraction par les odeurs, l&rsquo;irritation sensorielle, les r\u00e9actions allergiques ou l&rsquo;effet toxicologique direct.<\/p>\n<h4>Les effets du bruit sur la performance;<\/h4>\n<p>L&rsquo;information auditive peut \u00eatre un stimulus ou une distraction. Dans les immeubles de bureaux, le bruit provenant des conversations des autres est souvent un irritant majeur pour les employ\u00e9s, en particulier dans les bureaux \u00e0 aire ouverte. Les t\u00e2ches cognitives complexes sont affect\u00e9es par le bruit \u00e0 70-80dB(A). Les sujets lisent moins de mots et font des erreurs dans les t\u00e2ches de relecture lorsqu&rsquo;ils sont expos\u00e9s au bruit du bureau \u00e0 80 dB(A) comparativement \u00e0 55 dB(A). Les \u00e9tudes montrent que le bruit \u00e0 55 dB(A) r\u00e9duit le rendement du bureau de 3% comparativement aux conditions \u00e0 35 dB(A).<\/p>\n<h4>Les effets de l&rsquo;\u00e9clairage sur la performance ;<\/h4>\n<p>Th\u00e9oriquement, il est probable que l&rsquo;\u00e9clairement, la quantit\u00e9 d&rsquo;\u00e9blouissement, le contraste, la saisie d&rsquo;un sujet visuel et le spectre lumineux influencent la performance. Il a \u00e9t\u00e9 d\u00e9montr\u00e9 que les scintillements des lampes fluorescentes \u00e0 ballasts magn\u00e9tiques r\u00e9duisent la satisfaction et ont des effets n\u00e9gatifs sur la sant\u00e9. La proximit\u00e9 d&rsquo;une fen\u00eatre est \u00e9galement un facteur important pour la satisfaction globale de l&rsquo;\u00e9clairage.<\/p>\n<p>Ref: REHVA, Guidebook No 6[\/vc_column_text][\/vc_column][\/vc_row]<\/p>\n","protected":false},"excerpt":{"rendered":"<p>[vc_row][vc_column][vc_column_text]La qualit\u00e9 de l&rsquo;air int\u00e9rieur (AIQ) est un terme g\u00e9n\u00e9ral qui d\u00e9signe la pr\u00e9sence de produits chimiques et de polluants&#8230;<\/p>\n","protected":false},"author":2,"featured_media":0,"parent":0,"menu_order":0,"comment_status":"closed","ping_status":"closed","template":"","meta":{"_exactmetrics_skip_tracking":false,"_exactmetrics_sitenote_active":false,"_exactmetrics_sitenote_note":"","_exactmetrics_sitenote_category":0,"footnotes":""},"class_list":["post-13580","page","type-page","status-publish","hentry"],"yoast_head":"<!-- This site is optimized with the Yoast SEO plugin v27.5 - https:\/\/yoast.com\/product\/yoast-seo-wordpress\/ -->\n<title>IAQ et IEQ - Europair Schweiz AG - Multisite<\/title>\n<meta name=\"robots\" content=\"index, follow, max-snippet:-1, max-image-preview:large, max-video-preview:-1\" \/>\n<link rel=\"canonical\" href=\"https:\/\/europairschweiz.ch\/fr\/iaq-and-ieq\/\" \/>\n<meta property=\"og:locale\" content=\"fr_FR\" \/>\n<meta property=\"og:type\" content=\"article\" \/>\n<meta property=\"og:title\" content=\"IAQ et IEQ - Europair Schweiz AG - Multisite\" \/>\n<meta property=\"og:description\" content=\"[vc_row][vc_column][vc_column_text]La qualit\u00e9 de l&rsquo;air int\u00e9rieur (AIQ) est un terme g\u00e9n\u00e9ral qui d\u00e9signe la pr\u00e9sence de produits chimiques et de polluants...\" \/>\n<meta property=\"og:url\" content=\"https:\/\/europairschweiz.ch\/fr\/iaq-and-ieq\/\" \/>\n<meta property=\"og:site_name\" content=\"Europair Schweiz AG - Multisite\" \/>\n<meta property=\"article:modified_time\" content=\"2019-03-06T06:51:15+00:00\" \/>\n<meta name=\"twitter:card\" content=\"summary_large_image\" \/>\n<meta name=\"twitter:label1\" content=\"Dur\u00e9e de lecture estim\u00e9e\" \/>\n\t<meta name=\"twitter:data1\" content=\"3 minutes\" \/>\n<script type=\"application\/ld+json\" class=\"yoast-schema-graph\">{\"@context\":\"https:\\\/\\\/schema.org\",\"@graph\":[{\"@type\":\"WebPage\",\"@id\":\"https:\\\/\\\/europairschweiz.ch\\\/fr\\\/iaq-and-ieq\\\/\",\"url\":\"https:\\\/\\\/europairschweiz.ch\\\/fr\\\/iaq-and-ieq\\\/\",\"name\":\"IAQ et IEQ - Europair Schweiz AG - Multisite\",\"isPartOf\":{\"@id\":\"https:\\\/\\\/europairschweiz.ch\\\/fr\\\/#website\"},\"datePublished\":\"2019-01-30T07:50:32+00:00\",\"dateModified\":\"2019-03-06T06:51:15+00:00\",\"breadcrumb\":{\"@id\":\"https:\\\/\\\/europairschweiz.ch\\\/fr\\\/iaq-and-ieq\\\/#breadcrumb\"},\"inLanguage\":\"fr-FR\",\"potentialAction\":[{\"@type\":\"ReadAction\",\"target\":[\"https:\\\/\\\/europairschweiz.ch\\\/fr\\\/iaq-and-ieq\\\/\"]}]},{\"@type\":\"BreadcrumbList\",\"@id\":\"https:\\\/\\\/europairschweiz.ch\\\/fr\\\/iaq-and-ieq\\\/#breadcrumb\",\"itemListElement\":[{\"@type\":\"ListItem\",\"position\":1,\"name\":\"Startseite\",\"item\":\"https:\\\/\\\/europairschweiz.ch\\\/fr\\\/\"},{\"@type\":\"ListItem\",\"position\":2,\"name\":\"IAQ et IEQ\"}]},{\"@type\":\"WebSite\",\"@id\":\"https:\\\/\\\/europairschweiz.ch\\\/fr\\\/#website\",\"url\":\"https:\\\/\\\/europairschweiz.ch\\\/fr\\\/\",\"name\":\"Europair Schweiz AG - Multisite\",\"description\":\"\",\"potentialAction\":[{\"@type\":\"SearchAction\",\"target\":{\"@type\":\"EntryPoint\",\"urlTemplate\":\"https:\\\/\\\/europairschweiz.ch\\\/fr\\\/?s={search_term_string}\"},\"query-input\":{\"@type\":\"PropertyValueSpecification\",\"valueRequired\":true,\"valueName\":\"search_term_string\"}}],\"inLanguage\":\"fr-FR\"}]}<\/script>\n<!-- \/ Yoast SEO plugin. -->","yoast_head_json":{"title":"IAQ et IEQ - Europair Schweiz AG - Multisite","robots":{"index":"index","follow":"follow","max-snippet":"max-snippet:-1","max-image-preview":"max-image-preview:large","max-video-preview":"max-video-preview:-1"},"canonical":"https:\/\/europairschweiz.ch\/fr\/iaq-and-ieq\/","og_locale":"fr_FR","og_type":"article","og_title":"IAQ et IEQ - Europair Schweiz AG - Multisite","og_description":"[vc_row][vc_column][vc_column_text]La qualit\u00e9 de l&rsquo;air int\u00e9rieur (AIQ) est un terme g\u00e9n\u00e9ral qui d\u00e9signe la pr\u00e9sence de produits chimiques et de polluants...","og_url":"https:\/\/europairschweiz.ch\/fr\/iaq-and-ieq\/","og_site_name":"Europair Schweiz AG - Multisite","article_modified_time":"2019-03-06T06:51:15+00:00","twitter_card":"summary_large_image","twitter_misc":{"Dur\u00e9e de lecture estim\u00e9e":"3 minutes"},"schema":{"@context":"https:\/\/schema.org","@graph":[{"@type":"WebPage","@id":"https:\/\/europairschweiz.ch\/fr\/iaq-and-ieq\/","url":"https:\/\/europairschweiz.ch\/fr\/iaq-and-ieq\/","name":"IAQ et IEQ - Europair Schweiz AG - Multisite","isPartOf":{"@id":"https:\/\/europairschweiz.ch\/fr\/#website"},"datePublished":"2019-01-30T07:50:32+00:00","dateModified":"2019-03-06T06:51:15+00:00","breadcrumb":{"@id":"https:\/\/europairschweiz.ch\/fr\/iaq-and-ieq\/#breadcrumb"},"inLanguage":"fr-FR","potentialAction":[{"@type":"ReadAction","target":["https:\/\/europairschweiz.ch\/fr\/iaq-and-ieq\/"]}]},{"@type":"BreadcrumbList","@id":"https:\/\/europairschweiz.ch\/fr\/iaq-and-ieq\/#breadcrumb","itemListElement":[{"@type":"ListItem","position":1,"name":"Startseite","item":"https:\/\/europairschweiz.ch\/fr\/"},{"@type":"ListItem","position":2,"name":"IAQ et IEQ"}]},{"@type":"WebSite","@id":"https:\/\/europairschweiz.ch\/fr\/#website","url":"https:\/\/europairschweiz.ch\/fr\/","name":"Europair Schweiz AG - Multisite","description":"","potentialAction":[{"@type":"SearchAction","target":{"@type":"EntryPoint","urlTemplate":"https:\/\/europairschweiz.ch\/fr\/?s={search_term_string}"},"query-input":{"@type":"PropertyValueSpecification","valueRequired":true,"valueName":"search_term_string"}}],"inLanguage":"fr-FR"}]}},"_links":{"self":[{"href":"https:\/\/europairschweiz.ch\/fr\/wp-json\/wp\/v2\/pages\/13580","targetHints":{"allow":["GET"]}}],"collection":[{"href":"https:\/\/europairschweiz.ch\/fr\/wp-json\/wp\/v2\/pages"}],"about":[{"href":"https:\/\/europairschweiz.ch\/fr\/wp-json\/wp\/v2\/types\/page"}],"author":[{"embeddable":true,"href":"https:\/\/europairschweiz.ch\/fr\/wp-json\/wp\/v2\/users\/2"}],"replies":[{"embeddable":true,"href":"https:\/\/europairschweiz.ch\/fr\/wp-json\/wp\/v2\/comments?post=13580"}],"version-history":[{"count":0,"href":"https:\/\/europairschweiz.ch\/fr\/wp-json\/wp\/v2\/pages\/13580\/revisions"}],"wp:attachment":[{"href":"https:\/\/europairschweiz.ch\/fr\/wp-json\/wp\/v2\/media?parent=13580"}],"curies":[{"name":"wp","href":"https:\/\/api.w.org\/{rel}","templated":true}]}}